{"id":196,"date":"2019-10-27T17:34:40","date_gmt":"2019-10-27T20:34:40","guid":{"rendered":"https:\/\/www.iau.usp.br\/vi-dialogo-franco-lusofono\/?page_id=196"},"modified":"2021-11-08T09:32:51","modified_gmt":"2021-11-08T11:32:51","slug":"programa","status":"publish","type":"page","link":"https:\/\/www.iau.usp.br\/vi-dialogo-franco-lusofono\/index.php\/programa\/","title":{"rendered":"Programa"},"content":{"rendered":"<p><\/p>\n\n\n\n<table class=\"wp-block-table alignwide is-style-regular\"><tbody><tr><td><strong>8 NOVEMBRO<\/strong> <\/td><td><\/td><td><\/td><td><strong> <\/strong>  <strong>9 NOVEMBRO <\/strong>   <\/td><td><\/td><td><\/td><td><\/td><td><strong>  <\/strong>  <strong>10 NOVEMBRO <\/strong>   <\/td><\/tr><tr><td>9h30 &#8211; 10h<br> Sess\u00e3o de abertura    <\/td><td><\/td><td><\/td><td><\/td><td><\/td><td><\/td><td><\/td><td> 9h-11h<br> MESA REDONDA 3    <\/td><\/tr><tr><td>10h-12h<br>MESA REDONDA 1    <\/td><td><\/td><td><\/td><td> 10h-12h<br>   MESA REDONDA 2     <\/td><td><\/td><td><\/td><td><\/td><td>11h-12h<br> Encerramento    <\/td><\/tr><tr><td>14h-16h <br>ST.01-A<\/td><td> 14h-16h <br>ST.03-A <\/td><td><\/td><td>14h-16h <br>ST.02-A <\/td><td>14h-16h <br>ST.02-B <\/td><td>14h-16h <br>ST.04-A <\/td><td><\/td><td>14h30-16h <br>GPEAN <\/td><\/tr><tr><td>16h-18h30<br> ST.01-B <\/td><td> 16h-18h30<br> ST.03-B  <\/td><td><\/td><td> 16h-18h30<br> ST.02-C  <\/td><td>16h-18h30<br> ST.02-D  <\/td><td>16h-18h30<br> ST.04-B   <\/td><td><\/td><td><\/td><\/tr><\/tbody><\/table>\n\n\n\n<h2 class=\"wp-block-heading\" style=\"text-align:center\"><br><strong>Sess\u00e3o Tem\u00e1tica <\/strong> \/Session Th\u00e9matique   <br><strong>ST.01-A<\/strong>   <\/h2>\n\n\n\n<p><em>Coordena\u00e7\u00e3o: Camila D\u2019Ottaviano<\/em> <\/p>\n\n\n\n<h4 class=\"wp-block-heading\" style=\"text-align:center\"> <strong>8\/11 , 14h-16h (Brasil<\/strong> \/<strong>Br\u00e9sil)<\/strong>    <\/h4>\n\n\n\n<p>16h-18h (Senegal e Guin\u00e9 \/Senegal e Guin\u00e9e) <br>17h-19h (Portugal e Tunisia  \/Portugal e Tunisie)   <br>18h-20h (Fran\u00e7a e Su\u00ed\u00e7a \/France e Suisse) <\/p>\n\n\n\n<p><strong>ARA\u00daJO, Jos\u00e9 Alberto Concei\u00e7\u00e3o de<\/strong><br><strong>MORAIS, Marcele Trigueiro de Ara\u00fajo<\/strong> <br>Dispositivos constru\u00eddos e disposi\u00e7\u00f5es sociais como elementos de qualifica\u00e7\u00e3o afetiva de um espa\u00e7o p\u00fablico: o caso da Pra\u00e7a da Paz na cidade de Jo\u00e3o Pessoa\/Para\u00edba (Brasil)<br>Dispositifs construits et dispositions sociales comme \u00e9l\u00e9ments de qualification affective d&#8217;un espace public : le cas de la Pra\u00e7a da Paz \u00e0 la ville de Jo\u00e3o Pessoa\/Para\u00edba (Br\u00e9sil)  <\/p>\n\n\n\n<p><strong>GUATELLI, Igor<\/strong><br><strong>WISNIK, Guilherme<\/strong> <br>Desarranjos cooperativos: reivindicando e remontando os espa\u00e7os p\u00fablicos no Brasil do s\u00e9culo 21 <br>D\u00e9rangements coop\u00e9ratifs : revendication et r\u00e9assemblage des espaces publics dans le&nbsp; Br\u00e9sil du XXIe si\u00e8cle<\/p>\n\n\n\n<p><strong>RUIZ, Lara Machado<\/strong><br><strong>RANGEL, Maria Rachel Luiz Freitas <\/strong> <br><strong>GOMES, Margarida Mussa Tavares<\/strong> <br>Apontamentos sobre espa\u00e7os f\u00edsicos e digitais em tempos pand\u00eamicos<br>Notes sur les espaces physiques et n\u00famriques en temps de pandemie  <\/p>\n\n\n\n<p><strong>ROJAS, Victorio Eug\u00eanio Misael dos Santos Jordan<\/strong><br><strong>LEONELLI, Gisela Cunha Viana<\/strong> <br><strong>GRIPP, Guilherme Cassilha<\/strong><br>Vende-se espa\u00e7os p\u00fablicos na cidade de Campinas\/SP (Brasil)  <br>Espaces publics \u00e0 vendre \u00e0 la ville de Campinas\/SP (Br\u00e9sil)      <\/p>\n\n\n\n<p><strong>PINA, Silvia Mikami <\/strong><br><strong>GOMES, Lucas Ariel<\/strong> <br>Espa\u00e7o P\u00fablico insurgente na cidade de S\u00e3o Paulo\/SP (Brasil): possibilidade de emancipa\u00e7\u00e3o cotidiana<br>Espace public insurg\u00e9 \u00e0 la ville de S\u00e3o Pauo\/SP (Br\u00e9sil): possibilit\u00e9 d&#8217;\u00e9mancipation au quotidien<\/p>\n\n\n\n<h2 class=\"wp-block-heading\" style=\"text-align:center\"><br><strong>Sess\u00e3o Tem\u00e1tica <\/strong> \/Session Th\u00e9matique     <br> <strong>ST.01-B<\/strong>  <\/h2>\n\n\n\n<p> <em>Coordena\u00e7\u00e3o: Denise Morado<\/em> <\/p>\n\n\n\n<h4 class=\"wp-block-heading\" style=\"text-align:center\"> <strong>8\/11,  16h &#8211; 18h30 (<\/strong> <strong>Brasil <\/strong>\/<strong>Br\u00e9sil)<\/strong> <\/h4>\n\n\n\n<p>18h-20h30 (Senegal e Guin\u00e9 \/Senegal e Guin\u00e9e)<br>19h-21h30 (Portugal e Tunisia \/Portugal e Tunisie)<br>20h-22h30 (Fran\u00e7a e Sui\u00e7a \/France e Suisse) <\/p>\n\n\n\n<p><strong>MOATY, Mathilde<\/strong><br>Quando distintas elites urbanas competem dentro de um bairro &#8211; o caso da Vila Leopoldina na cidade de S\u00e3o Paulo\/SP (Brasil) <br>Quand diff\u00e9rentes \u00e9lites urbaines s&#8217;affrontent au sein d&#8217;un quartier &#8211; le cas de Vila Leopoldina \u00e0 la ville de S\u00e3o Paulo\/SP (Br\u00e9sil)  <\/p>\n\n\n\n<p><strong>PIMENTA, Tatiana Reis<\/strong><br><strong>LEONELLI, Gisela Cunha Viana<\/strong><br>Olhar seletivo para os espa\u00e7os p\u00fablicos de ricos e de pobres na cidade de Jundia\u00ed\/SP (Brasil) <br>Regard s\u00e9lectif sur les espaces publics des riches et des pauvres \u00e0 la ville de Jundia\u00ed\/SP (Br\u00e9sil)   <\/p>\n\n\n\n<p><strong>CARMO, Elton Paz do<\/strong><br>A rua como espa\u00e7o de conv\u00edvio: as din\u00e2micas socioespaciais das pessoas em situa\u00e7\u00f5es de rua nos espa\u00e7os p\u00fablicos da cidade de Santar\u00e9m\/Par\u00e1 (Brasil) <br>La rue comme espace pour les personees : la dynamique socio espaciale des personnes dans la situation de la rue dans les espaces publics de la ville de Sabtar\u00e9m\/Par\u00e1 (Br\u00e9sil)   <\/p>\n\n\n\n<p><strong>LUZ, Vera Santana<\/strong><br><strong>OLIVEIRA, Giuliana Lima <\/strong> <br>Popula\u00e7\u00e3o em situa\u00e7\u00e3o de rua no centro da cidade de Campinas\/SP (Brasil): pactos e contradi\u00e7\u00f5es <br>Population de sans-abri au centre-ville de la ville de Campinas\/SP (Br\u00e9sil): pactes et contradictions  <\/p>\n\n\n\n<p><strong>PASSOS, Rodrigo<\/strong><br><strong>ARA\u00daJO, Alice Viana de<\/strong><br>Lazer ativo na cidade de Ouro Preto\/MG (Brasil): desigualdades evidenciadas no sistema de espa\u00e7os livres de uso p\u00fablico <br>Loisirs actifs \u00e0 la ville d\u2019Ouro Preto\/MG (Br\u00e9sil): in\u00e9galit\u00e9s \u00e9prouv\u00e9es dans le syst\u00e8me d&#8217;espaces libres d&#8217;usage public  <\/p>\n\n\n\n<p><strong>FELIZARDO, Ana Carolina Martins Dias <\/strong><br><strong>SPERLING, David Moreno <\/strong><br>Contradi\u00e7\u00f5es entre o Conceito e Pr\u00e1ticas do Urbanismo T\u00e1tico<br>Contradictions entre le concept et la pratique de l&#8217;urbanisme tactique  <\/p>\n\n\n\n<h2 class=\"wp-block-heading\" style=\"text-align:center\"><br><strong>Sess\u00e3o Tem\u00e1tica <\/strong>\/Session Th\u00e9matique  <br><strong>ST.02-A<\/strong> <\/h2>\n\n\n\n<p><em>Coordena\u00e7\u00e3o: Laila Mourad<\/em><\/p>\n\n\n\n<h4 class=\"wp-block-heading\" style=\"text-align:center\"> <strong>9\/11,  14h &#8211; 16h (<\/strong> <strong>Brasil <\/strong> \/<strong>Br\u00e9sil)<\/strong> <\/h4>\n\n\n\n<p>16h-18h (Senegal e Guin\u00e9 \/Senegal e Guin\u00e9e)<br>17h-19h (Portugal e Tunisia \/Portugal e Tunisie) <br>18h-20h (Fran\u00e7a e Su\u00ed\u00e7a \/France e Suisse) <\/p>\n\n\n\n<p><strong>BADIANE, Sidia Diaouma<\/strong><br><strong>DEME, Mamoudou<\/strong> <br><strong>SY, Thierno Bachir<\/strong> <br>Estudo explorat\u00f3rio da reabilita\u00e7\u00e3o e pr\u00e1ticas de espa\u00e7os verdes p\u00fablicos em Dakar (Senegal) <br>Etude exploratoire de la r\u00e9habilitation et des pratiques des espaces verts publics \u00e0 Dakar (S\u00e9n\u00e9gal)  <\/p>\n\n\n\n<p><strong>LAGE, Daniel Victor Gouveia <\/strong><br><strong>COTA, Daniela Abritta<\/strong><br> Viv\u00eancias urbanas de jovens negros da periferia de S\u00e3o Jo\u00e3o Del Rey\/MG (Brasil) <br>Vivences urbaines des jeunes noires de la p\u00e9riph\u00e9rie de S\u00e3o Jo\u00e3o Del Rei\/MG (Br\u00e9sil)  <\/p>\n\n\n\n<p><strong>ARA\u00daJO, Patricia <\/strong><br><strong>IORIO, Leonardo<\/strong><br><strong>DETTMANN, Beatriz <\/strong> <strong> <\/strong><br>Intera\u00e7\u00f5es entre estabelecimentos comerciais e o espa\u00e7o prostitucional na \u00e1rea do \u201cPeix\u00e3o\u201d, Rio de Janeiro\/RJ (Brasil) <br>Interactions entre les \u00e9tablissements commerciaux et l&#8217;espace prostitutionnel dans le&nbsp; quartier \u201cPeix\u00e3o\u201d, Rio de Janeiro\/RJ (Br\u00e9sil)  <\/p>\n\n\n\n<p><strong>WIESZTORT, Laur\u00e8ne<\/strong><br>O parque de proximidade, espa\u00e7o de v\u00ednculos e apoios sociais vitais para os idosos nas grandes cidades da Am\u00e9rica Latina. Estudo de caso em Monterrey (M\u00e9xico) <br>Le parc de proximit\u00e9, espace de liens et soutiens sociaux vitaux pour les personnes \u00e2g\u00e9es&nbsp; dans les grandes villes d\u2019Am\u00e9rique latine. Etude de cas \u00e0 Monterrey (Mexique)<\/p>\n\n\n\n<h2 class=\"wp-block-heading\" style=\"text-align:center\"><br><strong>Sess\u00e3o Tem\u00e1tica <\/strong> \/Session Th\u00e9matique  <br><strong>ST.02-B<\/strong> <\/h2>\n\n\n\n<p><em>Coordena\u00e7\u00e3o: Paulo Buarque<\/em> <\/p>\n\n\n\n<h4 class=\"wp-block-heading\" style=\"text-align:center\"> <strong>9\/11,  14h &#8211; 16h (Brasil <\/strong>\/<strong>Br\u00e9sil)<\/strong> <\/h4>\n\n\n\n<p>16h-18h (Senegal e Guin\u00e9 \/Senegal e Guin\u00e9e)<br>17h-19h (Portugal e Tunisia\/Portugal e Tunisie) <br>18h-20h (Fran\u00e7a e Su\u00ed\u00e7a France e Suisse) <\/p>\n\n\n\n<p><strong>BORTOLOZZO, Gabriela <\/strong><br><strong>BARBOSA, Soluanny Hunhevicz <\/strong><br><strong>ROSANELI, Alessandro Filla <\/strong>  <br>Cen\u00e1rios da resist\u00eancia: relatos dos espet\u00e1culos de rua em Curitiba\/PR (Brasil) <br>Sc\u00e9narios de r\u00e9sistance : rapports de spectacles de rue \u00e0 Curitiba\/PR (Br\u00e9sil)  <\/p>\n\n\n\n<p><strong>PIRES, Daniel <\/strong><br>Baile do Ozipa: segrega\u00e7\u00e3o e resist\u00eancia urbana na cidade de Campinas\/SP (Brasil) <br>\u201cBaile do Ozipa\u201d: s\u00e9gr\u00e9gation et r\u00e9sistance urbaine \u00e0 la ville de Campinas\/SP (Br\u00e9sil)  <\/p>\n\n\n\n<p><strong>OLIVEIRA , Tha\u00eds de Ara\u00fajo <\/strong><br>A Pra\u00e7a do Santa In\u00eas e a pr\u00e1tica socioespacial na temporalidade urbana de Macap\u00e1\/AP (Brasil) <br>La place Santa In\u00eas et la pratique socio-spatiale dans la temporalit\u00e9 urbaine de Macap\u00e1\/AP (Br\u00e9sil)  <\/p>\n\n\n\n<p><strong>TAVARES, Marcelo Ribeiro <\/strong><br><strong>VAZ, Lilian Fessler<\/strong><br><strong>MATOS, Madalena Cunha <\/strong> <strong> <\/strong> <br>Esporte no espa\u00e7o p\u00fablico: as territorialidades do v\u00f4lei em Copacabana na cidade do Rio de Janeiro\/RJ (Brasil) <br>Le sport dans l\u2019espace public: les territorialit\u00e9s du volley \u00e0 Copacabana \u00e0 la ville de Rio de Janeiro\/RJ (Br\u00e9sil)  <\/p>\n\n\n\n<h2 class=\"wp-block-heading\" style=\"text-align:center\"><br><strong>Sess\u00e3o Tem\u00e1tica <\/strong> \/Session Th\u00e9matique  <br><strong>ST.02-C<\/strong> <\/h2>\n\n\n\n<p><em>Coordena\u00e7\u00e3o: Manoel Alves<\/em> <\/p>\n\n\n\n<h4 class=\"wp-block-heading\" style=\"text-align:center\"> <strong>9\/11,  16h &#8211; 18h30 (Brasil <\/strong> \/<strong>Br\u00e9sil)<\/strong> <\/h4>\n\n\n\n<p>18h-20h30 ( Senegal e Guin\u00e9 \/Senegal e Guin\u00e9e)<br>19h-21h30 (Portugal e Tunisia\/Portugal e Tunisie)<br>20h-22h30 (Fran\u00e7a e Sui\u00e7a \/France e Suisse)  <\/p>\n\n\n\n<p><strong>VIEGAS, Marina <\/strong><br>Espa\u00e7os p\u00fablicos emblem\u00e1ticos e representatividade pol\u00edtica <br>Espaces publics embl\u00e9matiques et repr\u00e9sentativit\u00e9 politique  <\/p>\n\n\n\n<p><strong>SILVA, Beatriz Fleury e<\/strong><br><strong>FELIPE, Delton Aparecido<\/strong><br><strong>CIZESKI, Heloisa Alexandre<\/strong><br><strong>NUNES, Layane Alves <\/strong> <strong> <\/strong> <strong> <\/strong> <strong> <\/strong><br>Pr\u00e1ticas e instrumentos para a mobiliza\u00e7\u00e3o pol\u00edtica. A experi\u00eancia da Cartilha \u201cA Cidade \u00e9 Nossa: espa\u00e7os p\u00fablicos livres\u201d <br>Pratiques et instruments pour la mobilisation politique. L&#8217;exp\u00e9rience de l\u2019Appr\u00eat \u00ab La ville est notre : les espaces publics libres&nbsp;\u00bb  <\/p>\n\n\n\n<p><strong>ALVES, Lindomberto Ferreira <\/strong><br>Mem\u00f3ria e ocupa\u00e7\u00e3o do espa\u00e7o p\u00fablico nas performances Encontro, e ent\u00e3o eu disse sim, aceito (2011) e Observat\u00f3rio (2012), da artista visual Rubiane Maia <br>M\u00e9moire et d&#8217;occupation de l&#8217;espace public dans les performances R\u00e9union, et puis j&#8217;ai dit oui, j&#8217;accepte (2011) et Observatoire (2012), de l&#8217;artiste visuelle Rubiane Maia  <\/p>\n\n\n\n<p><strong>MARTINS, Dayse Luckw\u00fc <\/strong><br><strong>SANTOS, L\u00facia Leit\u00e3o <\/strong> <br>O espa\u00e7o p\u00fablico constru\u00eddo das cidades brasileiras: sua materialidade e o planejamento em quest\u00e3o  <br>L\u2019espace public construit des villes br\u00e9siliennes: sa mat\u00e9rialit\u00e9 et l\u2019am\u00e9nagement en question  <\/p>\n\n\n\n<p><strong>SILVA, Jordana Gouveia e<\/strong><br><strong>MEDEIROS, Wilton Ara\u00fajo de<\/strong>  <strong> <\/strong><br>Neocaipira Contempor\u00e2nea: identidade, cultura e apropria\u00e7\u00e3o no Setor Central de Goi\u00e2nia\/GO Brasil) atrav\u00e9s da arte urbana <br>Neocaipira Contemporain: identit\u00e9, culture et appropriation dans le Setor Central de Goi\u00e2nia\/GO (Br\u00e9sil) \u00e0 travers l&#8217;art urbain  <\/p>\n\n\n\n<h2 class=\"wp-block-heading\" style=\"text-align:center\"><br><strong>Sess\u00e3o Tem\u00e1tica <\/strong> \/Session Th\u00e9matique  <br><strong>ST.02-D<\/strong> <\/h2>\n\n\n\n<p><em>Coordena\u00e7\u00e3o: Gisela Leonelli<\/em> <\/p>\n\n\n\n<h4 class=\"wp-block-heading\" style=\"text-align:center\"> <strong>9\/11,  16h &#8211; 18h30 (Brasil <\/strong>\/<strong>Br\u00e9sil)<\/strong> <\/h4>\n\n\n\n<p>18h-20h30 ( Senegal e Guin\u00e9 \/Senegal e Guin\u00e9e)<br>19h-21h30 ( Portugal e Tunisia\/Portugal e Tunisie)<br>20h-22h30 (Fran\u00e7a e Sui\u00e7a \/France e Suisse)  <\/p>\n\n\n\n<p><strong>BULH\u00d5ES, Rebeca<\/strong><br><strong>MOURAD, Laila <\/strong><br><strong>VIVEIROS, Liana<\/strong> <br>Espa\u00e7os p\u00fablicos na pandemia da COVID-19: apropria\u00e7\u00f5es e usos na cidade sob restri\u00e7\u00f5es <br>Espaces publics pendant la pand\u00e9mie de COVID-19&nbsp;: appropriations et usages dans la ville sous restrictions  <\/p>\n\n\n\n<p><strong>CANOVA, Katia<\/strong><br><strong>LEMOS, Isabela Sollero <\/strong><br>Apropria\u00e7\u00e3o e percep\u00e7\u00e3o como medidores de demanda em lugares de vulnerabilidade social  <br>Identit\u00e9 et perception en tant qu&#8217;indicateurs de demandes dans les lieux de vuln\u00e9rabilit\u00e9 sociale  <\/p>\n\n\n\n<p><strong>AZEVEDO, Mirandulina <\/strong><br>O desenho de espa\u00e7os p\u00fablicos e sua apropria\u00e7\u00e3o na cidade-jardim: um manifesto retroativo <br>La conception des espaces publics et leur appropriation dans la cit\u00e9-jardin: un manifeste r\u00e9troactif   <\/p>\n\n\n\n<p><strong>MELO, Luiza de Farias <\/strong><br>A digitaliza\u00e7\u00e3o dos encontros urbanos: O espa\u00e7o do outro nas festividades populares remotas<br>En mode virtuel: Des rencontres urbaines dans des festivit\u00e9s populaires \u00e0 distance <\/p>\n\n\n\n<h2 class=\"wp-block-heading\" style=\"text-align:center\"><br><strong>Sess\u00e3o Tem\u00e1tica <\/strong> \/Session Th\u00e9matique  <br><strong>ST.03-A<\/strong> <\/h2>\n\n\n\n<p><em>Coordena\u00e7\u00e3o: Tom\u00e1s Moreira<\/em><\/p>\n\n\n\n<h4 class=\"wp-block-heading\" style=\"text-align:center\"> <strong>8\/11,  14h &#8211; 16h (<\/strong> <strong>Brasil <\/strong>\/<strong>Br\u00e9sil)<\/strong> <\/h4>\n\n\n\n<p>16h-18h (Senegal e Guin\u00e9 \/Senegal e Guin\u00e9e)<br>17h-19h ( Portugal e Tunisia \/Portugal e Tunisie) <br>18h-20h (Fran\u00e7a e Su\u00ed\u00e7a \/France e Suisse) <\/p>\n\n\n\n<p><strong>REBELO, Sandrine<\/strong><br><strong>HAMDOUCH, Abdelillah<\/strong> <br><strong>CARRIERE, Jean Paul<\/strong> <br>A constru\u00e7\u00e3o da cidade e do seu espa\u00e7o p\u00fablico face aos desafios sociais e ambientais: o caso do Porto (Portugal) <br>La fabrique de la ville et son espace public face aux d\u00e9fis soci\u00e9taux et environnementaux&nbsp;: le cas de Porto (Portugal)  <\/p>\n\n\n\n<p><strong>ABIR, Messaoudi<\/strong><br>Espa\u00e7os p\u00fablicos tunisinos voltados para a \u00e1gua: novas formas e fun\u00e7\u00f5es Les espaces publics tunisiens face \u00e0 l\u2019eau : des nouvelles formes et fonctions  <\/p>\n\n\n\n<p><strong>CARRI\u00c8RE, Jean-Paul<\/strong><br><strong>DINIZ, Fabiano Rocha<\/strong> <br> Desenvolvimento das ribeiras das cidades em face das mudan\u00e7as clim\u00e1ticas. An\u00e1lise dos desafios e perspectivas a partir do caso Recife\/PE (Brasil) <br>Am\u00e9nager les bords de fleuve en ville face \u00e0 l\u2019\u00e9preuve du changement climatique. Analyse des enjeux et perspectives \u00e0 partir du cas de Recife\/PE (Br\u00e9sil)  <\/p>\n\n\n\n<p><strong>CANOVA, Katia<\/strong><br>Atua\u00e7\u00e3o p\u00fablica sobre a ativa\u00e7\u00e3o de espa\u00e7os livres urbanos na cidade de S\u00e3o Paulo\/SP (Brasil) e Lyon (Fran\u00e7a) <br>Action publique sur l&#8217;activation des espaces ouverts urbains \u00e0 la ville de S\u00e3o Paulo (Br\u00e9sil) et Lyon (France)  <\/p>\n\n\n\n<p><strong>REY, Pascal<\/strong><br><strong>PETITPIERREl, Margot<\/strong> <br>Moradores da cidade de primeira e segunda classe? Disparidade da governan\u00e7a no contexto das expropria\u00e7\u00f5es em Conacri (Guin\u00e9) <br>Des citadins de premi\u00e8re et de seconde classe ? Disparit\u00e9 de gouvernance dans le cadre des expropriations \u00e0 Conakry (Guin\u00e9e)  <\/p>\n\n\n\n<h2 class=\"wp-block-heading\" style=\"text-align:center\"><br><strong>Sess\u00e3o Tem\u00e1tica <\/strong> \/Session Th\u00e9matique  <br><strong>ST.03-B<\/strong> <\/h2>\n\n\n\n<p><em>Coordena\u00e7\u00e3o: Gisela Leonelli<\/em> <\/p>\n\n\n\n<h4 class=\"wp-block-heading\" style=\"text-align:center\"> <strong>8\/11,  16h &#8211; 18h30 (Brasil <\/strong>\/<strong>Br\u00e9sil)<\/strong> <\/h4>\n\n\n\n<p>18h-20h30 ( Senegal e Guin\u00e9 \/Senegal e Guin\u00e9e)<br>19h-21h30 ( Portugal e Tunisia\/Portugal e Tunisie)<br>20h-22h30 (Fran\u00e7a e Sui\u00e7a \/France e Suisse)  <\/p>\n\n\n\n<p><strong>VERDELLI, Laura <\/strong><br><strong>FERNANDES, Ana<\/strong> <br>Mexam-se! Privatiza\u00e7\u00e3o do estar no espa\u00e7o p\u00fablico e do pr\u00f3prio espa\u00e7o p\u00fablico na sociedade de fluxos (Tours-Fran\u00e7a e Salvador\/BA-Brasil) <br>Circulez&nbsp;! Privatisation de l\u2019arr\u00eat dans l&#8217;espace public et de l&#8217;espace public lui-m\u00eame dans la soci\u00e9t\u00e9 des flux &nbsp;(Tours-Franca e Salvador\/BA-Br\u00e9sil)  <\/p>\n\n\n\n<p><strong>MACERES, Fab\u00edola <\/strong><br><strong>PERES, Renata Bovo <\/strong> <br>Pol\u00edticas p\u00fablicas em espa\u00e7os livres de lazer no contexto p\u00f3s-pandemia Sars-Cov-2: aprendizados e adapta\u00e7\u00f5es ao contexto brasileiro <br>Les politiques publiques dans les espaces de loisirs dans le sc\u00e9nario post-pand\u00e9mique : l&#8217;apprentissage et les ajustements dans le contexte br\u00e9silien <\/p>\n\n\n\n<p><strong>MACHADO-MARTINS, Ma\u00edra <\/strong><br><strong>FIGUEIREDO, Fl\u00e1via C. R. <\/strong> <br><strong>QUEIROZ, J\u00falia <\/strong><br><strong>CAPUTO, Pedro F. G. <\/strong> <br> O Centro do Rio de Janeiro\/RJ (Brasil) em 2021: Reviver ou Resistir?  <br>Le centre-ville de Rio de Janeiro\/RJ (Br\u00e9sil) em 2021: Revivre ou R\u00e9sister?  <\/p>\n\n\n\n<p><strong>DALMOLIN, Gl\u00e1ucia Helena <\/strong><br><strong>ROSANELI, Alessandro Filla <\/strong> <br>Espa\u00e7os p\u00fablicos na propriedade privada: investiga\u00e7\u00e3o sobre a coexist\u00eancia das esferas no espa\u00e7o f\u00edsico na cidade de Curitiba\/PR (Brasil) <br>Espaces publics en propriet\u00e9 priv\u00e9e: investigation sur la coexistence des sph\u00e8res dans l\u2019espace physique \u00e0 la ville de Curitiba (Br\u00e9sil) <\/p>\n\n\n\n<p><strong>COELHO, Gabrielle Gomes<\/strong><br><strong>MOREIRA, Tom\u00e1s Antonio<\/strong> <br>Espa\u00e7o p\u00fablico ou coletivo? \u2013 o caso dos empreendimentos residenciais horizontais fechados na cidade de Mar\u00edlia\/SP (Brasil) <br>Espace public ou collectif ? \u2013 le cas des d\u00e9veloppements r\u00e9sidentiels horizontaux ferm\u00e9s \u00e0 la ville de Mar\u00edlia\/SP (Br\u00e9sil)  <\/p>\n\n\n\n<p><strong>NEDEL, Miranda Zamberlan <\/strong><br><strong>BUZZAR, Miguel Antonio<\/strong><br>Uma an\u00e1lise dos renovados sentidos do privado na arquitetura escolar contempor\u00e2nea em escolas p\u00fablicas perif\u00e9ricas do departamento de Seine-Saint-Denis (Fran\u00e7a) <br>Une analyse des significations renouvel\u00e9es du priv\u00e9 dans l&#8217;architecture scolaire contemporaine des \u00e9tablissements d&#8217;enseignement publiques p\u00e9riph\u00e9riques du d\u00e9partement de la Seine-Saint-Denis (France)  <\/p>\n\n\n\n<h2 class=\"wp-block-heading\" style=\"text-align:center\"><br><strong>Sess\u00e3o Tem\u00e1tica <\/strong> \/Session Th\u00e9matique  <br><strong>ST.04-A<\/strong> <\/h2>\n\n\n\n<p><em>Coordena\u00e7\u00e3o: Eduardo Nobre<\/em> <\/p>\n\n\n\n<h4 class=\"wp-block-heading\" style=\"text-align:center\"> <strong>9\/11,  14h &#8211; 16h (<\/strong> <strong>Brasil <\/strong>\/<strong>Br\u00e9sil)<\/strong> <\/h4>\n\n\n\n<p>16h-18h (Senegal e Guin\u00e9 \/Senegal e Guin\u00e9e)<br>17h-19h ( Portugal e Tunisia \/Portugal e Tunisie) <br>18h-20h (Fran\u00e7a e Su\u00ed\u00e7a \/France e Suisse) <\/p>\n\n\n\n<p><strong>DELABARRE, Muriel <\/strong><br><strong>VIGNAL, Bertrand <\/strong> <br>Paisagem climatizada e instala\u00e7\u00e3o(\u00f5es): princ\u00edpios de composi\u00e7\u00e3o na concep\u00e7\u00e3o do projecto para a habitabilidade dos ambientes de vida. Exemplo do plano guia para a correc\u00e7\u00e3o do 3\u00ba Rh\u00f4ne na Su\u00ed\u00e7a <br>Paysage acclimat\u00e9 et installation(s)&nbsp;: principes de composition dans le dessin du projet pour l&#8217;habitabilit\u00e9 des milieux de vie. Exemple du plan guide pour la 3\u00e8me correction du Rh\u00f4ne en Suisse  <\/p>\n\n\n\n<p><strong>LIMA, Maria Cec\u00edlia Pedro Bom de <\/strong><br><strong>SCHENK, Luciana Bongiovanni Martins<\/strong><br>Paisagens potenciais na Bacia Hidrogr\u00e1fica do C\u00f3rrego Monjolinho S\u00e3o Carlos, SP <br>Paysages potentiels du Bassin Hydorgraphique du Ruisseau Monjolinho, S\u00e3o Carlos, SP  <\/p>\n\n\n\n<p><strong>ESTEVES, Juliana Cardoso<\/strong><br><strong>CASTRO, Carolina Maria Pozzi de<\/strong><br><strong>EDUARDO, Lauani Antunes da Costa <\/strong><br>Uso e configura\u00e7\u00e3o de espa\u00e7os verdes no Setor sul de Ribeir\u00e3o Preto\/SP (Brasil) <br>Utilisation et configuration des espaces verts dans le secteur sud de Ribeir\u00e3o Preto\/SP (Br\u00e9sil)     <strong> <\/strong> <strong> <\/strong><\/p>\n\n\n\n<p><strong>SILVA, Nayara de Oliveira da<\/strong><br><strong>LEONELLI, Gisela Cunha Viana<\/strong> <br>A incorpora\u00e7\u00e3o de solu\u00e7\u00f5es em drenagem urbana como ferramenta para a (des)valoriza\u00e7\u00e3o de espa\u00e7os p\u00fablicos urbanos    <br>L\u2019incorporation de solutions de drainage urbain comme instrument pour la (d\u00e9)valorisation d\u2019espaces publics urbains  <\/p>\n\n\n\n<h2 class=\"wp-block-heading\" style=\"text-align:center\"><br><strong>Sess\u00e3o Tem\u00e1tica <\/strong> \/Session Th\u00e9matique  <br><strong>ST.04-B<\/strong> <\/h2>\n\n\n\n<p><em>Coordena\u00e7\u00e3o: Jos\u00e9 J\u00falio Lima<\/em> <\/p>\n\n\n\n<h4 class=\"wp-block-heading\" style=\"text-align:center\"> <strong>9\/11,  16h &#8211; 18h30 (<\/strong> <strong>Brasil <\/strong> \/<strong>Br\u00e9sil)<\/strong> <\/h4>\n\n\n\n<p>18h-20h30 (Senegal e Guin\u00e9 \/Senegal e Guin\u00e9e)<br>19h-21h30 (Portugal e Tunisia\/Portugal e Tunisie)<br>20h-22h30 (Fran\u00e7a e Sui\u00e7a \/France e Suisse)  <\/p>\n\n\n\n<p><strong>ARA\u00daJO, Alice Viana de<\/strong><br><strong>MORAIS, Pablo Henrick Sales de<\/strong><br>Morro da Forca: planos ambiciosos e usos extraordin\u00e1rios no espa\u00e7o da antiga forca de Ouro Preto\/MG (Brasil) <br>Morro da Forca: plans ambitieux et utilisations extraordinaires dans l&#8217;espace de l&#8217;ancienne potence \u00e0 Ouro Preto\/MG (Br\u00e9sil)  <\/p>\n\n\n\n<p><strong>SCUDELLER, B\u00e1rbara Pozza<\/strong><br>Projetos em espa\u00e7os p\u00fablicos de \u00e1reas urbanas centrais: implica\u00e7\u00f5es socioespaciais e o caso de Presidente Prudente\/SP (Brasil) <br>Projets dans les espaces publics des zones urbaines centrales: implications socio-spatiales et le cas de Presidente Prudente\/SP (Br\u00e9sil)  <\/p>\n\n\n\n<p><strong>COLCHETE FILHO, Antonio Ferreira<\/strong><br><strong>VILAS, Danielle Lopes<\/strong><br><strong>SOUZA, Anna Calil e<\/strong>  <br>Elementos urbanos de inspira\u00e7\u00e3o francesa no Rio de Janeiro\/RJ (Brasil) <br>Les \u00e9l\u00e9ments urbains d\u2019inspiration fran\u00e7aise \u00e0 Rio de Janeiro\/RJ (Br\u00e9sil)  <\/p>\n\n\n\n<p><strong>BUZZAR, Miguel Antonio<\/strong><br>Espa\u00e7o P\u00fablico e a Fun\u00e7\u00e3o Social da Arquitetura, o caso do Plano de A\u00e7\u00e3o do Governo do Estado de S\u00e3o Paulo (1959-1963) <br>Espace public et fonction sociale de l&#8217;architecture, le cas du Plan d&#8217;Action du Gouvernement de l&#8217;\u00c9tat de S\u00e3o Paulo (1959-1963)  <\/p>","protected":false},"excerpt":{"rendered":"<p>8 NOVEMBRO 9 NOVEMBRO 10 NOVEMBRO 9h30 &#8211; 10h Sess\u00e3o de abertura 9h-11h MESA REDONDA 3 10h-12hMESA REDONDA 1 10h-12h MESA REDONDA 2 11h-12h Encerramento 14h-16h ST.01-A 14h-16h ST.03-A 14h-16h ST.02-A 14h-16h ST.02-B 14h-16h ST.04-A 14h30-16h GPEAN 16h-18h30 ST.01-B 16h-18h30 ST.03-B 16h-18h30 ST.02-C 16h-18h30 ST.02-D 16h-18h30 ST.04-B Sess\u00e3o Tem\u00e1tica \/Session Th\u00e9matique ST.01-A Coordena\u00e7\u00e3o: Camila D\u2019Ottaviano &hellip; <a href=\"https:\/\/www.iau.usp.br\/vi-dialogo-franco-lusofono\/index.php\/programa\/\" class=\"more-link\">Continue lendo <span class=\"screen-reader-text\">Programa<\/span> <span class=\"meta-nav\">&rarr;<\/span><\/a><\/p>\n","protected":false},"author":2,"featured_media":0,"parent":0,"menu_order":0,"comment_status":"closed","ping_status":"closed","template":"","meta":{"footnotes":""},"class_list":["post-196","page","type-page","status-publish","hentry"],"_links":{"self":[{"href":"https:\/\/www.iau.usp.br\/vi-dialogo-franco-lusofono\/index.php\/wp-json\/wp\/v2\/pages\/196","targetHints":{"allow":["GET"]}}],"collection":[{"href":"https:\/\/www.iau.usp.br\/vi-dialogo-franco-lusofono\/index.php\/wp-json\/wp\/v2\/pages"}],"about":[{"href":"https:\/\/www.iau.usp.br\/vi-dialogo-franco-lusofono\/index.php\/wp-json\/wp\/v2\/types\/page"}],"author":[{"embeddable":true,"href":"https:\/\/www.iau.usp.br\/vi-dialogo-franco-lusofono\/index.php\/wp-json\/wp\/v2\/users\/2"}],"replies":[{"embeddable":true,"href":"https:\/\/www.iau.usp.br\/vi-dialogo-franco-lusofono\/index.php\/wp-json\/wp\/v2\/comments?post=196"}],"version-history":[{"count":39,"href":"https:\/\/www.iau.usp.br\/vi-dialogo-franco-lusofono\/index.php\/wp-json\/wp\/v2\/pages\/196\/revisions"}],"predecessor-version":[{"id":775,"href":"https:\/\/www.iau.usp.br\/vi-dialogo-franco-lusofono\/index.php\/wp-json\/wp\/v2\/pages\/196\/revisions\/775"}],"wp:attachment":[{"href":"https:\/\/www.iau.usp.br\/vi-dialogo-franco-lusofono\/index.php\/wp-json\/wp\/v2\/media?parent=196"}],"curies":[{"name":"wp","href":"https:\/\/api.w.org\/{rel}","templated":true}]}}